{"id":1668,"date":"2020-10-08T10:11:03","date_gmt":"2020-10-08T08:11:03","guid":{"rendered":"http:\/\/blog.turistica.si\/inotez\/?page_id=1668"},"modified":"2020-10-10T11:38:20","modified_gmt":"2020-10-10T09:38:20","slug":"izobrazevalne-delavnice","status":"publish","type":"page","link":"https:\/\/blog.turistica.si\/inotez\/o-projektu\/izobrazevalne-delavnice\/","title":{"rendered":"Izobra\u017eevalne delavnice"},"content":{"rendered":"<p>V \u010dasu projekta InoTeZ smo izpeljali naslednje izobra\u017eevalne delavnice:<\/p>\n<p><strong>Spletna delavnica: &#8220;Pou\u010devanje na daljavo s pomo\u010djo e-u\u010dilnic&#8221;<br \/>\n<\/strong><\/p>\n<ul>\n<li>Izvajalec: Dr. Stanko Pelc<\/li>\n<li>Kdaj: 28. 9. 2020, ob 9.00 in 17.00 (za UP PEF)<\/li>\n<li>Kje: v spletni konferen\u010dni sobi ZOOM<\/li>\n<\/ul>\n<p><strong>Spletna delavnica: &#8220;Moodle &#8211; osnovno urejanje e-u\u010dilnice&#8221;<br \/>\n<\/strong><\/p>\n<ul>\n<li>Izvajalec: Dr. Stanko Pelc<\/li>\n<li>Kdaj: 15. 9. 2020, ob 8.30 in 17.00 (za UP FH\u0160)<\/li>\n<li>Kje: v spletni konferen\u010dni sobi ZOOM<\/li>\n<\/ul>\n<p><strong>Spletna delavnica: &#8220;Zoom in Moodle za izvajanje \u0161tudija na daljavo&#8221;<br \/>\n<\/strong><\/p>\n<ul>\n<li>Izvajalec: Dr. Stanko Pelc<\/li>\n<li>Kdaj: 14. 9. 2020, ob 8.30 in 17.00 (za UP FH\u0160)<\/li>\n<li>Kje: v spletni konferen\u010dni sobi ZOOM<\/li>\n<\/ul>\n<div id=\"yui_3_17_2_1_1602143989979_21\" class=\"box py-3 generalbox center clearfix\">\n<div id=\"yui_3_17_2_1_1602143989979_20\" class=\"no-overflow\">\n<p><strong>Spletna delavnica: &#8220;Kako nastavimo Safe exam browser za kvize&#8221;<br \/>\n<\/strong><\/p>\n<ul>\n<li>Izvajalec:&nbsp;Dr. Patrik Pucer<\/li>\n<li>Kdaj: 22.5.2020, 13.00-15.00<\/li>\n<li>Kje: v spletni konferen\u010dni sobi ZOOM<\/li>\n<\/ul>\n<p><strong>Spletna delavnica: &#8220;<a class=\"autolink\" title=\"Kvizi\" href=\"https:\/\/odprtaup.upr.si\/mod\/book\/view.php?id=857\">Kvizi<\/a> z esejskimi vpra\u0161anji v Moodlu&#8221;<br \/>\n<\/strong><\/p>\n<ul>\n<li>Izvajalec:&nbsp;Dr. Stanko Pelc<\/li>\n<li>Kdaj: 29.4.2020, 18.00-19.00<\/li>\n<li>Kje: v spletni konferen\u010dni sobi ZOOM<\/li>\n<\/ul>\n<p><strong>Spletna delavnica: &#8220;H5P in njegova uporaba v e-u\u010dilnicah&#8221;<\/strong><\/p>\n<ul>\n<li>Izvajalec:&nbsp;Dr. Patrik Pucer<\/li>\n<li>Kdaj: 9.4.2020, 17.00-19.00<\/li>\n<li>Kje: v spletni konferen\u010dni sobi ZOOM<\/li>\n<\/ul>\n<p><strong>Spletna delavnica: &#8220;Oblikujmo kvize v svojih e-u\u010dilnicah&#8221;<br \/>\n<\/strong><\/p>\n<ul>\n<li>Izvajalec:&nbsp;Dr. Stanko Pelc<\/li>\n<li>Kdaj: 2.4.2020, 20.00-22.00<\/li>\n<li>Kje: v spletni konferen\u010dni sobi ZOOM<\/li>\n<\/ul>\n<p><strong>Spletna delavnica: &#8220;Zoom in iPad: Uporaba iPada kot nadomestila za interaktivno tablo&#8221;<br \/>\n<\/strong><\/p>\n<ul>\n<li>Izvajalec:&nbsp;Matev\u017e Malej<\/li>\n<li>Kdaj: 30.3.2020, 20.00-21.30<strong><br \/>\n<\/strong><\/li>\n<li>Kje: v spletni konferen\u010dni sobi ZOOM<\/li>\n<\/ul>\n<p><strong>Spletna delavnica: &#8220;Oblike dela na daljavo in izmenjava izku\u0161enj (kratka predstavitev mo\u017enih na\u010dinov dela na daljavo in izmenjava izku\u0161enj uporabnikov)&#8221;<br \/>\n<\/strong><\/p>\n<ul>\n<li>Izvajalec:&nbsp;Sa\u0161a Planinc<\/li>\n<li>Kdaj: 27.3.2020, 18.00-20.00<\/li>\n<li>Kje: v spletni konferen\u010dni sobi ZOOM<\/li>\n<\/ul>\n<p><strong>Spletna delavnica: &#8220;Dodajmo zvok svojim predstavitvam (za za\u010detnike, kratka predstavitev dodajanja zvoka predstavitvam, pripravljenih v PowerPointu, LibreOffice Impressu ali Google Slides)&#8221;<br \/>\n<\/strong><\/p>\n<ul>\n<li>Izvajalka:&nbsp;Mag. \u0160arolta Godni\u010d Vi\u010di\u010d<\/li>\n<li>Kdaj: 26.3.2020, 20.00-22.00<strong><br \/>\n<\/strong><\/li>\n<li>Kje: v spletni konferen\u010dni sobi ZOOM<\/li>\n<\/ul>\n<p><strong>Spletna delavnica: &#8220;ZOOM za za\u010detnike: Prikaz uporabe spletnega konferen\u010dnega sistema ZOOM&#8221;<br \/>\n<\/strong><\/p>\n<ul>\n<li>Izvajalka:&nbsp;Mag. \u0160arolta Godni\u010d Vi\u010di\u010d<\/li>\n<li>Kdaj: 25.3.2020, 20.00-21.30<\/li>\n<li>Kje: v spletni konferen\u010dni sobi ZOOM<\/li>\n<\/ul>\n<p><strong>Spletna delavnica: &#8220;Skupinsko delo na daljavo: Uporaba Google dokumentov za delo na daljavo&#8221;<br \/>\n<\/strong><\/p>\n<ul>\n<li>Izvajalka:&nbsp;Dr. Viktorija Florjan\u010di\u010d<\/li>\n<li>Kdaj: 25.3.2020, 17.00-19.00<strong><br \/>\n<\/strong><\/li>\n<li>Kje: v spletni konferen\u010dni sobi ZOOM<\/li>\n<\/ul>\n<p><strong>Spletna delavnica: &#8220;Moodle 2: Redovalnica in vodenje evidence vseh ocen \u0161tudentov za posamezen predmet, ra\u010dunanje skupne ocene, uporaba ocenjevalnih lestvic, vpra\u0161anja in razprava&#8221;<br \/>\n<\/strong><\/p>\n<ul>\n<li>Izvajalec:&nbsp;Dr. Stanko Pelc<\/li>\n<li>Kdaj: 24.3.2020, 20.00-22.00<\/li>\n<li>Kje: v spletni konferen\u010dni sobi ZOOM<\/li>\n<\/ul>\n<p><strong>Spletna delavnica: &#8220;Moodle 1: Nastavitev predmeta v Moodlu (osnovno urejanje, nalaganje gradiv, dodajanje udele\u017eencev, naloge, obve\u0161\u010danje \u0161tudentov, komukacija prek foruma, sporo\u010dil in klepeta)&#8221;<br \/>\n<\/strong><\/p>\n<ul>\n<li>Izvajalka:&nbsp;Dr. Viktorija Florjan\u010di\u010d<\/li>\n<li>Kdaj: 24.3.2020, 17.00-19.00<\/li>\n<li>Kje: v spletni konferen\u010dni sobi ZOOM<\/li>\n<\/ul>\n<p><strong>Spletna delavnica: &#8220;ZOOM: kako uporabljamo delo v skupinah?&#8221;<br \/>\n<\/strong><\/p>\n<ul>\n<li>Izvajalka: \u0160arolta Godni\u010d Vi\u010di\u010d<\/li>\n<li>Kdaj: 19.3.2020, 20.00-21.00<\/li>\n<li>Kje: v spletni konferen\u010dni sobi ZOOM<\/li>\n<\/ul>\n<p><strong>Spletna delavnica: &#8220;Predavanja na daljavo v obliki video prenosa v \u017eivo&nbsp;(to ni videokonferenca)&#8221;<\/strong><\/p>\n<ul>\n<li>Izvajalec: Sa\u0161a Planinc<\/li>\n<li>Kdaj: 18.3.2020, 20.00-22.30<\/li>\n<li>Kje<em>: <\/em>v spletni konferen\u010dni sobi ZOOM<\/li>\n<\/ul>\n<p><strong>Spletna delavnica: &#8220;Uporaba spletnega konferen\u010dnega sistema ZOOM&#8221;<\/strong><\/p>\n<ul>\n<li>Izvajalka: \u0160arolta Godni\u010d Vi\u010di\u010d<\/li>\n<li>Kdaj: 17.3.2020, 20.00-21.30<\/li>\n<li>Kje: v spletni konferen\u010dni sobi ZOOM<\/li>\n<\/ul>\n<p><strong>Spletna delavnica: &#8220;VOX ali ZOOM? (diskusija med zaposlenimi na UP FT\u0160 Turistici)&#8221;<br \/>\n<\/strong><\/p>\n<ul>\n<li>Izvajalec: Sa\u0161a Planinc in \u0160arolta Godni\u010d Vi\u010di\u010d<\/li>\n<li>Kdaj: 16.3.2020, 20.00-21.30<\/li>\n<li>Kje: v spletni konferen\u010dni sobi ZOOM<\/li>\n<\/ul>\n<p><strong>Spletna delavnica: &#8220;Izvedba kontaktnih ur v e-obliki, tudi kot prilo\u017enost ob izrednih razmerah&#8221;<\/strong><\/p>\n<ul>\n<li>Izvajalec: Sa\u0161a Planinc<\/li>\n<li>Kdaj: 11.3.2020, 16.00-18.00<\/li>\n<li>Kje: v spletni konferen\u010dni sobi VOX<\/li>\n<li><a href=\"https:\/\/odprtaup.upr.si\/course\/view.php?id=52\">Ve\u010d &#8230;<\/a><\/li>\n<\/ul>\n<p><strong>Delavnica v \u017eivo: &#8220;VOX in interaktivna tabla&#8221;<\/strong><\/p>\n<ul>\n<li>Izvajalec: Matev\u017e Malej<\/li>\n<li>Kdaj: 11.3.2020, 10.00-11.00<strong><br \/>\n<\/strong><\/li>\n<li>Kje: Na UP FM, Brolo \u2013 u\u010dilnica B1<\/li>\n<\/ul>\n<p><strong>Spletna delavnica &#8220;Izvedba kontaktnih ur v e-obliki, tudi kot prilo\u017enost ob izrednih razmerah&#8221;<\/strong><\/p>\n<ul>\n<li>Izvajalec: Sa\u0161a Planinc<\/li>\n<li>Kdaj: 11.3.2020, 9.00-11.00<\/li>\n<li>Kje: v spletni konferen\u010dni sobi VOX<\/li>\n<li><a href=\"https:\/\/odprtaup.upr.si\/course\/view.php?id=52\">Ve\u010d &#8230;<\/a><\/li>\n<\/ul>\n<p><strong>Spletna delavnica: &#8220;Izvedba kontaktnih ur v e-obliki, tudi kot prilo\u017enost ob izrednih razmerah&#8221;<\/strong><\/p>\n<ul>\n<li>Izvajalec: Sa\u0161a Planinc<\/li>\n<li>Kdaj: 10.3.2020, 16.00-18.00<\/li>\n<li>Kje: v spletni konferen\u010dni sobi VOX<\/li>\n<li><a href=\"https:\/\/odprtaup.upr.si\/course\/view.php?id=52\">Ve\u010d &#8230;<\/a><\/li>\n<\/ul>\n<p><strong>Spletna delavnica &#8220;Izvedba kontaktnih ur v e-obliki, tudi kot prilo\u017enost ob izrednih razmerah&#8221;<\/strong><\/p>\n<ul>\n<li>Izvajalec: Sa\u0161a Planinc<\/li>\n<li>Kdaj: 10.3.2020, 9.00-11.00<\/li>\n<li>Kje: v spletni konferen\u010dni sobi VOX<\/li>\n<li><a href=\"https:\/\/odprtaup.upr.si\/course\/view.php?id=52\">Ve\u010d &#8230;<\/a><\/li>\n<\/ul>\n<p><strong>Spletna delavnica &#8220;Izvedba kontaktnih ur v e-obliki, tudi kot prilo\u017enost ob izrednih razmerah&#8221;<\/strong><\/p>\n<ul>\n<li>Izvajalec: Sa\u0161a Planinc<\/li>\n<li>Kdaj: 6.3.2020, 14.00-15.00<\/li>\n<li>Kje: v spletni konferen\u010dni sobi VOX<\/li>\n<li><a href=\"https:\/\/odprtaup.upr.si\/course\/view.php?id=52\">Ve\u010d &#8230;<\/a><\/li>\n<\/ul>\n<p><strong>Spletna delavnica: &#8220;Aktivno u\u010denje v velikih skupinah&nbsp;z glasovalnimi sistemi&#8221;<\/strong><\/p>\n<ul>\n<li>Izvajalka: \u0160arolta Godni\u010d Vi\u010di\u010d<\/li>\n<li>Kdaj: 5.3.2020, 18.00-19.00<strong><br \/>\n<\/strong><\/li>\n<li>Kje: v spletni konferen\u010dni sobi VOX<\/li>\n<li><a href=\"https:\/\/odprtaup.upr.si\/course\/view.php?id=55\">Ve\u010d&#8230;<\/a><\/li>\n<\/ul>\n<p><strong>Spletna delavnica: &#8220;<a class=\"autolink\" title=\"Interaktivna Lekcija\" href=\"https:\/\/odprtaup.upr.si\/mod\/page\/view.php?id=944\">Interaktivna lekcija<\/a>&#8220;<\/strong><\/p>\n<ul>\n<li>Izvajalka: Viktorija Florjan\u010di\u010d<\/li>\n<li>Kdaj: 3.3.2020, 17.00-18.00<strong><br \/>\n<\/strong><\/li>\n<li>Kje: v spletni konferen\u010dni sobi VOX<\/li>\n<li><a href=\"https:\/\/odprtaup.upr.si\/course\/view.php?id=54\">Ve\u010d&#8230;<\/a><\/li>\n<\/ul>\n<p><strong>Delavnica v \u017eivo: &#8220;Nasveti v zvezi s tem, kaj lahko delamo v spletnem u\u010dnem okolju Moodle, da sebi in \u0161tudentom olaj\u0161amo delo&#8221;<\/strong><\/p>\n<ul>\n<li>Izvajalec: Stanko Pelc<\/li>\n<li>Kdaj: 2.3. 2020, 12.00-13.00<strong><br \/>\n<\/strong><\/li>\n<li>Kje: UP PEF<\/li>\n<li><a href=\"https:\/\/odprtaup.upr.si\/course\/view.php?id=56\">Ve\u010d&#8230;<\/a><\/li>\n<\/ul>\n<p><strong>Delavnica &#8220;Inovativno s tehnologijo do znanja \u2013 na\u010drtovanje u\u010denja z vklju\u010devanjem digitalnih tehnologij&#8221;<\/strong><\/p>\n<ul>\n<li>Izvajalki: \u0160arolta Godni\u010d Vi\u010di\u010d in Viktorija Florjan\u010di\u010d<\/li>\n<li>Kdaj: 23.5.2019, 13.30-15.30<strong><br \/>\n<\/strong><\/li>\n<li>Kje: Vipava, Nacionalna konferenca Transformacija izobra\u017eevalnega procesa v dobi digitalizacije Rektorske konference RS<\/li>\n<\/ul>\n<p><strong>&#8220;Delavnica Arena Blended Connected (ABC) Learning Design&#8221;<\/strong><\/p>\n<ul>\n<li>Izvajalka: \u0160arolta Godni\u010d Vi\u010di\u010d<\/li>\n<li>Kdaj: 13.12.2018, 10.00-13.00<\/li>\n<li>Kje: UP FM, Koper<\/li>\n<\/ul>\n<\/div>\n<\/div>\n","protected":false},"excerpt":{"rendered":"<p>V \u010dasu projekta InoTeZ smo izpeljali naslednje izobra\u017eevalne delavnice: Spletna delavnica: &#8220;Pou\u010devanje na daljavo s pomo\u010djo e-u\u010dilnic&#8221; Izvajalec: Dr. Stanko Pelc Kdaj: 28. 9. 2020, ob 9.00 in 17.00 (za UP PEF) Kje: v spletni konferen\u010dni sobi ZOOM Spletna delavnica: &#8220;Moodle &#8211; osnovno urejanje e-u\u010dilnice&#8221; Izvajalec: Dr. Stanko Pelc Kdaj: 15. 9. 2020, ob 8.30 in 17.00 (za UP FH\u0160) Kje: v spletni konferen\u010dni sobi ZOOM Spletna delavnica: &#8220;Zoom in Moodle za izvajanje \u0161tudija na daljavo&#8221; Izvajalec: Dr. Stanko Pelc Kdaj: 14. 9. 2020, ob 8.30 in 17.00 (za UP FH\u0160) Kje: v spletni konferen\u010dni sobi ZOOM Spletna delavnica: &#8220;Kako nastavimo Safe exam browser za<span class=\"more-link\"><a href=\"https:\/\/blog.turistica.si\/inotez\/o-projektu\/izobrazevalne-delavnice\/\">Ve\u010d &#8230; <\/a><\/span><\/p>\n","protected":false},"author":3,"featured_media":1669,"parent":41,"menu_order":0,"comment_status":"closed","ping_status":"closed","template":"","meta":{"ngg_post_thumbnail":0,"jetpack_post_was_ever_published":false,"footnotes":""},"class_list":["entry","author-sarolta","post-1668","page","type-page","status-publish","has-post-thumbnail"],"jetpack_sharing_enabled":true,"jetpack_shortlink":"https:\/\/wp.me\/P9LuxH-qU","jetpack_likes_enabled":true,"jetpack-related-posts":[],"_links":{"self":[{"href":"https:\/\/blog.turistica.si\/inotez\/wp-json\/wp\/v2\/pages\/1668","targetHints":{"allow":["GET"]}}],"collection":[{"href":"https:\/\/blog.turistica.si\/inotez\/wp-json\/wp\/v2\/pages"}],"about":[{"href":"https:\/\/blog.turistica.si\/inotez\/wp-json\/wp\/v2\/types\/page"}],"author":[{"embeddable":true,"href":"https:\/\/blog.turistica.si\/inotez\/wp-json\/wp\/v2\/users\/3"}],"replies":[{"embeddable":true,"href":"https:\/\/blog.turistica.si\/inotez\/wp-json\/wp\/v2\/comments?post=1668"}],"version-history":[{"count":4,"href":"https:\/\/blog.turistica.si\/inotez\/wp-json\/wp\/v2\/pages\/1668\/revisions"}],"predecessor-version":[{"id":1675,"href":"https:\/\/blog.turistica.si\/inotez\/wp-json\/wp\/v2\/pages\/1668\/revisions\/1675"}],"up":[{"embeddable":true,"href":"https:\/\/blog.turistica.si\/inotez\/wp-json\/wp\/v2\/pages\/41"}],"wp:featuredmedia":[{"embeddable":true,"href":"https:\/\/blog.turistica.si\/inotez\/wp-json\/wp\/v2\/media\/1669"}],"wp:attachment":[{"href":"https:\/\/blog.turistica.si\/inotez\/wp-json\/wp\/v2\/media?parent=1668"}],"curies":[{"name":"wp","href":"https:\/\/api.w.org\/{rel}","templated":true}]}}