{"id":204,"date":"2018-03-20T22:59:58","date_gmt":"2018-03-20T21:59:58","guid":{"rendered":"http:\/\/blog.turistica.si\/inotez\/?page_id=204"},"modified":"2020-10-08T09:32:17","modified_gmt":"2020-10-08T07:32:17","slug":"lastovke-up-2018","status":"publish","type":"page","link":"https:\/\/blog.turistica.si\/inotez\/o-projektu\/projektne-aktivnosti\/lastovke-up-2018\/","title":{"rendered":"Lastovke UP 2018"},"content":{"rendered":"<p><img data-recalc-dims=\"1\" fetchpriority=\"high\" decoding=\"async\" data-attachment-id=\"206\" data-permalink=\"https:\/\/blog.turistica.si\/inotez\/o-projektu\/projektne-aktivnosti\/lastovke-up-2018\/lastovke-18-program1-uvod\/\" data-orig-file=\"https:\/\/i0.wp.com\/blog.turistica.si\/inotez\/wp-content\/uploads\/sites\/4\/2018\/03\/Lastovke-18-program1-uvod.png?fit=591%2C310&amp;ssl=1\" data-orig-size=\"591,310\" data-comments-opened=\"0\" data-image-meta=\"{&quot;aperture&quot;:&quot;0&quot;,&quot;credit&quot;:&quot;&quot;,&quot;camera&quot;:&quot;&quot;,&quot;caption&quot;:&quot;&quot;,&quot;created_timestamp&quot;:&quot;0&quot;,&quot;copyright&quot;:&quot;&quot;,&quot;focal_length&quot;:&quot;0&quot;,&quot;iso&quot;:&quot;0&quot;,&quot;shutter_speed&quot;:&quot;0&quot;,&quot;title&quot;:&quot;&quot;,&quot;orientation&quot;:&quot;0&quot;}\" data-image-title=\"Lastovke-18-program1-uvod\" data-image-description=\"\" data-image-caption=\"\" data-medium-file=\"https:\/\/i0.wp.com\/blog.turistica.si\/inotez\/wp-content\/uploads\/sites\/4\/2018\/03\/Lastovke-18-program1-uvod.png?fit=300%2C157&amp;ssl=1\" data-large-file=\"https:\/\/i0.wp.com\/blog.turistica.si\/inotez\/wp-content\/uploads\/sites\/4\/2018\/03\/Lastovke-18-program1-uvod.png?fit=591%2C310&amp;ssl=1\" class=\"size-full wp-image-206 aligncenter\" src=\"https:\/\/i0.wp.com\/blog.turistica.si\/inotez\/wp-content\/uploads\/sites\/4\/2018\/03\/Lastovke-18-program1-uvod.png?resize=591%2C310&#038;ssl=1\" alt=\"\" width=\"591\" height=\"310\" srcset=\"https:\/\/i0.wp.com\/blog.turistica.si\/inotez\/wp-content\/uploads\/sites\/4\/2018\/03\/Lastovke-18-program1-uvod.png?w=591&amp;ssl=1 591w, https:\/\/i0.wp.com\/blog.turistica.si\/inotez\/wp-content\/uploads\/sites\/4\/2018\/03\/Lastovke-18-program1-uvod.png?resize=300%2C157&amp;ssl=1 300w, https:\/\/i0.wp.com\/blog.turistica.si\/inotez\/wp-content\/uploads\/sites\/4\/2018\/03\/Lastovke-18-program1-uvod.png?resize=425%2C223&amp;ssl=1 425w\" sizes=\"(max-width: 591px) 100vw, 591px\" \/><\/p>\n<h3><span style=\"color: #095169;\">Program konference<\/span><\/h3>\n<table cellspacing=\"5\" cellpadding=\"5\" border=\"0\">\n<tbody>\n<tr style=\"height: 1px;\">\n<td>8.30\u20139.00<\/td>\n<td><span style=\"color: #095169;\">Registracija udele\u017eencev<\/span><\/td>\n<\/tr>\n<tr style=\"height: 1px;\">\n<td>9.00\u201310.00<\/td>\n<td><span style=\"color: #095169;\">Plenarni del (B7)<\/span><\/td>\n<\/tr>\n<tr style=\"height: 1px;\">\n<td style=\"vertical-align: top;\">9.00\u20139.10<\/td>\n<td><strong><span style=\"color: #095169;\">Pozdravni nagovor<\/span><\/strong><br \/>\nProf. Dragan Maru\u0161i\u010d,&nbsp;Univerza na Primorskem, rektor<\/td>\n<\/tr>\n<tr style=\"height: 1px;\">\n<td>&nbsp;<\/td>\n<td><strong><span style=\"color: #095169;\">Projekti IKT v slovenskem izobra\u017eevanju<\/span><\/strong><br \/>\nPovezovanje: dr. Viktorija Florjan\u010di\u010d, vodja organizacijskega odbora<\/td>\n<\/tr>\n<tr style=\"height: 1px;\">\n<td style=\"vertical-align: top;\">9.10\u20139.30<\/td>\n<td><strong><span style=\"color: #095169;\">Dejavnosti MIZ\u0160 na podro\u010dju informatizacije douniverzitetnega<\/span><\/strong><br \/>\n<strong> <span style=\"color: #095169;\"> izobra\u017eevanja v 2017\/20118<\/span><\/strong><br \/>\nmag. Borut \u010campelj in Mojca Debeljak-Kozina, Ministrstvo za izobra\u017eevanje,<br \/>\nznanost in \u0161port (<a href=\"https:\/\/odprtaup.upr.si\/pluginfile.php\/643\/mod_resource\/content\/1\/Campelj_Debeljak_MIZS_LASTOVKE.pdf\"><em>prosojnice<\/em><\/a>)<\/td>\n<\/tr>\n<tr style=\"height: 1px;\">\n<td style=\"vertical-align: top;\">9.30\u20139.40<\/td>\n<td><strong><span style=\"color: #095169;\">Projekt DICE<\/span><\/strong><br \/>\ndr. Sonja Rutar, Univerza na Primorskem, prorektorica za \u0161tudijske zadeve<\/td>\n<\/tr>\n<tr style=\"height: 1px;\">\n<td style=\"text-align: left; vertical-align: top;\">9.40\u201310.00<\/td>\n<td><strong><span style=\"color: #095169;\">Projekt InoTeZ \u2013 Inovativno s tehnologijo do znanja<\/span><\/strong><br \/>\ndr. Viktorija Florjan\u010di\u010d, Univerza na Primorskem, vodja projekta (<a href=\"https:\/\/odprtaup.upr.si\/mod\/page\/view.php?id=201\"><em>prosojnice<\/em><\/a>)<\/td>\n<\/tr>\n<tr style=\"height: 1px;\">\n<td>10.00\u201310.15<\/td>\n<td><span style=\"color: #095169;\">Odmor (B2)<\/span><\/td>\n<\/tr>\n<\/tbody>\n<\/table>\n<table class=\" alignleft\" cellspacing=\"5\" cellpadding=\"5\">\n<tbody>\n<tr>\n<td>10.15\u201311.35<\/td>\n<td colspan=\"2\"><span style=\"color: #095169;\"><strong>Dobra raba IKT v visoko\u0161olskem pedago\u0161kem procesu \u2013 1. del<\/strong><\/span><\/td>\n<\/tr>\n<tr>\n<td>&nbsp;<\/td>\n<td><span style=\"color: #095169;\"><strong>Sekcija \u00bbRde\u010de lastovke\u00ab<\/strong> (B7)<\/span><br \/>\nModerator: dr. Viktorija Florjan\u010di\u010d<\/td>\n<td><span style=\"color: #095169;\"><strong>Sekcija \u00bbMestne&nbsp;lastovke\u00ab<\/strong> (B6)<\/span><br \/>\nModerator: dr. Bo\u0161tjan \u017dvanut<\/td>\n<\/tr>\n<tr>\n<td>&nbsp;<\/td>\n<td><strong><span style=\"color: #095169;\">eMatematika ali \u00bbHudi\u010d v sili \u0161e muhe \u017ere\u00ab<\/span><\/strong><br \/>\nMatev\u017e Malej, UP Fakulteta za management<\/td>\n<td style=\"vertical-align: top;\"><strong><span style=\"color: #095169;\">Kvizi \u2013 prikaz uporabe<\/span><\/strong><br \/>\ndr. Igor Stubelj, UP Fakulteta za management<\/td>\n<\/tr>\n<tr>\n<td>&nbsp;<\/td>\n<td><strong><span style=\"color: #095169;\">Predstavitev uporabe Moodla na UP FT\u0160 Turistici in uporaba IKT<\/span><\/strong><br \/>\n<strong> <span style=\"color: #095169;\">pri predmetu OIKT<\/span><\/strong><br \/>\nSa\u0161a Planinc, UP Fakulteta za turisti\u010dne \u0161tudije \u2013 Turistica<\/td>\n<td><strong><span style=\"color: #095169;\">Moje izku\u0161nje z uporabo kvizov za preverjanje znanja<\/span><\/strong><br \/>\ndr. Stanko Pelc, UP Fakulteta za humanisti\u010dne \u0161tudije in Pedago\u0161ka<br \/>\nfakulteta<\/td>\n<\/tr>\n<tr>\n<td>&nbsp;<\/td>\n<td><strong><span style=\"color: #095169;\">Mo\u017enosti uporabe aplikacije KAHOOT na te\u010dajih sloven\u0161\u010dine za tujce<\/span><\/strong><br \/>\ndr. Irina Makarova Tominec, UP Fakulteta za humanisti\u010dne \u0161tudije (<a href=\"https:\/\/youtu.be\/HTFSnj000Os\"><em>posnetek<\/em><\/a>)<\/td>\n<td style=\"vertical-align: top;\"><strong><span style=\"color: #095169;\">Sodelovalno delo v oblaku<\/span><\/strong><br \/>\nKatarina Ko\u0161mrlj, UP Fakulteta za management<\/td>\n<\/tr>\n<tr>\n<td>&nbsp;<\/td>\n<td><strong><span style=\"color: #095169;\">E-zdrava prehrana<\/span><\/strong><br \/>\ndr. Tamara Poklar Vatovec, dr. Mojca Stubelj in dr. Patrik Pucer, UP<br \/>\nFakulteta za vede o zdravju (<a href=\"http:\/\/www2.fvz.upr.si\/ezdravaprehrana\/\"><em>prosojnice<\/em><\/a>)<\/td>\n<td><strong><span style=\"color: #095169;\">Uporaba Moodla pri finan\u010dno-ra\u010dunovodskih predmetih<\/span><\/strong><br \/>\nmag. Tanja Planinc, UP Fakulteta za turisti\u010dne \u0161tudije \u2013 Turistica<\/td>\n<\/tr>\n<tr>\n<td>&nbsp;<\/td>\n<td><strong><span style=\"color: #095169;\">Oblikovanje odprtih u\u010dnih gradiv: mikro u\u010denje pri u\u010denju tujega<\/span><\/strong><br \/>\n<strong> <span style=\"color: #095169;\">jezika stroke<\/span><\/strong><br \/>\nmag. \u0160arolta Godni\u010d Vi\u010di\u010d, UP Fakulteta za turisti\u010dne \u0161tudije \u2013 Turistica<\/td>\n<td style=\"vertical-align: top;\"><strong><span style=\"color: #095169;\">Uporaba IKT pri pou\u010devanju v vrtcih, osnovnih in srednjih \u0161olah<\/span><\/strong><br \/>\ndr. Sonja Rutar, UP Pedago\u0161ka fakulteta<\/td>\n<\/tr>\n<tr>\n<td>&nbsp;11.35\u201311.50<\/td>\n<td>&nbsp;<span style=\"color: #095169;\">Odmor (B2)<\/span><\/td>\n<td>&nbsp;<\/td>\n<\/tr>\n<\/tbody>\n<\/table>\n<p>&nbsp;<\/p>\n<p>&nbsp;<\/p>\n<table class=\" alignleft\" cellspacing=\"5\" cellpadding=\"5\" border=\"0\">\n<tbody>\n<tr>\n<td>11.50\u201313.30<\/td>\n<td colspan=\"2\"><span style=\"color: #095169;\"><strong>Dobra raba IKT v visoko\u0161olskem pedago\u0161kem procesu \u2013 2. del<\/strong><\/span><\/td>\n<\/tr>\n<tr>\n<td>&nbsp;<\/td>\n<td><span style=\"color: #095169;\"><strong>Sekcija \u00bbSkalne lastovke\u00ab (B7)<\/strong><\/span><br \/>\nModerator: dr. Stanko Pelc<\/td>\n<td><span style=\"color: #095169;\"><strong>Sekcija \u00bbKme\u010dke lastovke\u00ab (B6)<\/strong><\/span><br \/>\nModerator: mag. \u0160arolta Godni\u010d Vi\u010di\u010d<\/td>\n<\/tr>\n<tr>\n<td>&nbsp;<\/td>\n<td style=\"vertical-align: top;\"><strong><span style=\"color: #095169;\">E-u\u010dilnica, podpora diplomiranju<\/span><\/strong><br \/>\ndr. Klemen \u0160irok, UP Fakulteta za management<\/td>\n<td><strong><span style=\"color: #095169;\">Izku\u0161nje pri izdelavi multimedijsko podprtega u\u010dbenika <\/span><span style=\"color: #095169;\">\u00bbRu\u0161\u010dina v turizmu\u00ab<\/span><\/strong><br \/>\ndr. Irina Makarova Tominec, UP Fakulteta za humanisti\u010dne \u0161tudije in<br \/>\nDamjan Muhi\u010d UP Slu\u017eba za podobo UP (<a href=\"https:\/\/youtu.be\/U7qG-9oOXqE\"><em>posnetek<\/em><\/a>)<\/td>\n<\/tr>\n<tr>\n<td>&nbsp;<\/td>\n<td><strong><span style=\"color: #095169;\">Vklju\u010devanje \u0161tudentov v razvoj e-vsebin<\/span><\/strong><br \/>\ndr. Bo\u0161tjan \u017dvanut in dr. Patrik Pucer, UP Fakulteta za vede o zdravju<\/td>\n<td style=\"vertical-align: top;\"><strong><span style=\"color: #095169;\">Medvrstni\u0161ko ocenjevanje v e-u\u010dilnici<\/span><\/strong><br \/>\ndr. Viktorija Florjan\u010di\u010d, UP Fakulteta za management (<a href=\"https:\/\/odprtaup.upr.si\/mod\/page\/view.php?id=195\"><em>prosojnice<\/em><\/a>)<\/td>\n<\/tr>\n<tr>\n<td>&nbsp;<\/td>\n<td style=\"vertical-align: top;\"><strong><span style=\"color: #095169;\">Flipboard in Basecamp 3 pri poslovni angle\u0161\u010dini<\/span><\/strong><br \/>\ndr. Igor Ri\u017enar, UP Fakulteta za management<\/td>\n<td><strong><span style=\"color: #095169;\">Izku\u0161nje z informacijsko-komunikacijskimi tehnologijami pri<\/span><\/strong><br \/>\n<strong> <span style=\"color: #095169;\"> pedago\u0161kem procesu geografije<\/span><\/strong><br \/>\ndr. Miha Koderman, UP Fakulteta za humanisti\u010dne \u0161tudije (<a href=\"https:\/\/odprtaup.upr.si\/pluginfile.php\/645\/mod_resource\/content\/1\/Predstavitev%20IKT%20Koderman.pdf\"><em>prosojnice<\/em><\/a>)<\/td>\n<\/tr>\n<tr>\n<td>&nbsp;<\/td>\n<td><strong><span style=\"color: #095169;\">Uporaba Moodla pri pripravi pisnih izdelkov<\/span><\/strong><br \/>\nmag. Tanja Planinc, UP Fakulteta za turisti\u010dne \u0161tudije \u2013 Turistica<\/td>\n<td><strong><span style=\"color: #095169;\">Ulovili smo barabe<\/span><\/strong><br \/>\ndr. Jernej Vi\u010di\u010d in Aleksandar To\u0161i\u0107, UP Fakulteta za matematiko,<br \/>\nnaravoslovje in informacijske tehnologije<\/td>\n<\/tr>\n<tr>\n<td>&nbsp;<\/td>\n<td>&nbsp;<\/td>\n<td><strong><span style=\"color: #095169;\">Uporaba interaktivne table pri pouku na razredni stopnji<\/span><\/strong><br \/>\ndr. Marina Volk, UP Pedago\u0161ka fakulteta<\/td>\n<\/tr>\n<\/tbody>\n<\/table>\n<p>&nbsp;<\/p>\n<table class=\" aligncenter\" cellspacing=\"5\" cellpadding=\"5\" border=\"0\">\n<tbody>\n<tr>\n<td>13.30\u201314.30<\/td>\n<td style=\"text-align: left;\"><span style=\"color: #095169;\">Kosilo (B2)<\/span><\/td>\n<\/tr>\n<tr>\n<td>14.30\u201315.30<\/td>\n<td style=\"text-align: left;\"><strong><span style=\"color: #095169;\">Okrogla miza: Izzivi odpiranja visokega \u0161olstva (B7)<\/span><\/strong><br \/>\nModerator: dr. Viktorija Florjan\u010di\u010d, vodja projekta InoTeZ<\/td>\n<\/tr>\n<\/tbody>\n<\/table>\n<div class=\"contentwithoutlink \">\n<div class=\"no-overflow\">\n<div class=\"actions-right\">&nbsp;<\/div>\n<div class=\"actions-right\"><strong>Twitter:<\/strong> <a href=\"https:\/\/twitter.com\/search?q=%23lastovkeUP&amp;src=typd\">#lastovkeUP<\/a><\/div>\n<\/div>\n<\/div>\n<p><strong>Foto utrinki<\/strong><\/p>\n<p><span style=\"font-size: 12px;\"><em>Fotografije v galeriji: Alen Je\u017eovnik in Peter Florjan\u010di\u010d<\/em><\/span><\/p>\nngg_shortcode_0_placeholder\n<p style=\"text-align: left;\">&#8212;<\/p>\n<p><span style=\"font-size: 12px; color: #808080;\"><em>Fotografija na vrhu: CC-BY Alen je\u017eovnik<\/em><\/span><\/p>\n","protected":false},"excerpt":{"rendered":"<p>Program konference 8.30\u20139.00 Registracija udele\u017eencev 9.00\u201310.00 Plenarni del (B7) 9.00\u20139.10 Pozdravni nagovor Prof. Dragan Maru\u0161i\u010d,&nbsp;Univerza na Primorskem, rektor &nbsp; Projekti IKT v slovenskem izobra\u017eevanju Povezovanje: dr. Viktorija Florjan\u010di\u010d, vodja organizacijskega odbora 9.10\u20139.30 Dejavnosti MIZ\u0160 na podro\u010dju informatizacije douniverzitetnega izobra\u017eevanja v 2017\/20118 mag. Borut \u010campelj in Mojca Debeljak-Kozina, Ministrstvo za izobra\u017eevanje, znanost in \u0161port (prosojnice) 9.30\u20139.40 Projekt DICE dr. Sonja Rutar, Univerza na Primorskem, prorektorica za \u0161tudijske zadeve 9.40\u201310.00 Projekt InoTeZ \u2013 Inovativno s tehnologijo do znanja dr. Viktorija Florjan\u010di\u010d, Univerza na Primorskem, vodja projekta (prosojnice) 10.00\u201310.15 Odmor (B2) 10.15\u201311.35 Dobra raba IKT v visoko\u0161olskem pedago\u0161kem procesu \u2013 1. del &nbsp; Sekcija \u00bbRde\u010de lastovke\u00ab (B7) Moderator:<span class=\"more-link\"><a href=\"https:\/\/blog.turistica.si\/inotez\/o-projektu\/projektne-aktivnosti\/lastovke-up-2018\/\">Ve\u010d &#8230; <\/a><\/span><\/p>\n","protected":false},"author":3,"featured_media":216,"parent":82,"menu_order":0,"comment_status":"closed","ping_status":"closed","template":"","meta":{"ngg_post_thumbnail":0,"jetpack_post_was_ever_published":false,"footnotes":""},"class_list":["entry","author-sarolta","post-204","page","type-page","status-publish","has-post-thumbnail"],"jetpack_sharing_enabled":true,"jetpack_shortlink":"https:\/\/wp.me\/P9LuxH-3i","jetpack_likes_enabled":true,"jetpack-related-posts":[],"_links":{"self":[{"href":"https:\/\/blog.turistica.si\/inotez\/wp-json\/wp\/v2\/pages\/204","targetHints":{"allow":["GET"]}}],"collection":[{"href":"https:\/\/blog.turistica.si\/inotez\/wp-json\/wp\/v2\/pages"}],"about":[{"href":"https:\/\/blog.turistica.si\/inotez\/wp-json\/wp\/v2\/types\/page"}],"author":[{"embeddable":true,"href":"https:\/\/blog.turistica.si\/inotez\/wp-json\/wp\/v2\/users\/3"}],"replies":[{"embeddable":true,"href":"https:\/\/blog.turistica.si\/inotez\/wp-json\/wp\/v2\/comments?post=204"}],"version-history":[{"count":18,"href":"https:\/\/blog.turistica.si\/inotez\/wp-json\/wp\/v2\/pages\/204\/revisions"}],"predecessor-version":[{"id":1662,"href":"https:\/\/blog.turistica.si\/inotez\/wp-json\/wp\/v2\/pages\/204\/revisions\/1662"}],"up":[{"embeddable":true,"href":"https:\/\/blog.turistica.si\/inotez\/wp-json\/wp\/v2\/pages\/82"}],"wp:featuredmedia":[{"embeddable":true,"href":"https:\/\/blog.turistica.si\/inotez\/wp-json\/wp\/v2\/media\/216"}],"wp:attachment":[{"href":"https:\/\/blog.turistica.si\/inotez\/wp-json\/wp\/v2\/media?parent=204"}],"curies":[{"name":"wp","href":"https:\/\/api.w.org\/{rel}","templated":true}]}}